{"version":"1.0","provider_name":"Draamateater","provider_url":"https:\/\/www.draamateater.ee\/en\/","author_name":"Kairi Kruus","author_url":"https:\/\/www.draamateater.ee\/en\/author\/kairi\/","title":"Valitud kaebusi piiratud teov\u00f5imega jumalale - Draamateater","type":"rich","width":600,"height":338,"html":"<blockquote class=\"wp-embedded-content\" data-secret=\"qgxU02791Z\"><a href=\"https:\/\/www.draamateater.ee\/en\/meedia\/valitud-kaebusi-piiratud-teovoimega-jumalale\/\">Valitud kaebusi piiratud teov\u00f5imega jumalale<\/a><\/blockquote><iframe sandbox=\"allow-scripts\" security=\"restricted\" src=\"https:\/\/www.draamateater.ee\/en\/meedia\/valitud-kaebusi-piiratud-teovoimega-jumalale\/embed\/#?secret=qgxU02791Z\" width=\"600\" height=\"338\" title=\"&#8220;Valitud kaebusi piiratud teov\u00f5imega jumalale&#8221; &#8212; Draamateater\" data-secret=\"qgxU02791Z\" frameborder=\"0\" marginwidth=\"0\" marginheight=\"0\" scrolling=\"no\" class=\"wp-embedded-content\"><\/iframe><script type=\"text\/javascript\">\n\/* <![CDATA[ *\/\n\/*! This file is auto-generated *\/\n!function(d,l){\"use strict\";l.querySelector&&d.addEventListener&&\"undefined\"!=typeof URL&&(d.wp=d.wp||{},d.wp.receiveEmbedMessage||(d.wp.receiveEmbedMessage=function(e){var t=e.data;if((t||t.secret||t.message||t.value)&&!\/[^a-zA-Z0-9]\/.test(t.secret)){for(var s,r,n,a=l.querySelectorAll('iframe[data-secret=\"'+t.secret+'\"]'),o=l.querySelectorAll('blockquote[data-secret=\"'+t.secret+'\"]'),c=new RegExp(\"^https?:$\",\"i\"),i=0;i<o.length;i++)o[i].style.display=\"none\";for(i=0;i<a.length;i++)s=a[i],e.source===s.contentWindow&&(s.removeAttribute(\"style\"),\"height\"===t.message?(1e3<(r=parseInt(t.value,10))?r=1e3:~~r<200&&(r=200),s.height=r):\"link\"===t.message&&(r=new URL(s.getAttribute(\"src\")),n=new URL(t.value),c.test(n.protocol))&&n.host===r.host&&l.activeElement===s&&(d.top.location.href=t.value))}},d.addEventListener(\"message\",d.wp.receiveEmbedMessage,!1),l.addEventListener(\"DOMContentLoaded\",function(){for(var e,t,s=l.querySelectorAll(\"iframe.wp-embedded-content\"),r=0;r<s.length;r++)(t=(e=s[r]).getAttribute(\"data-secret\"))||(t=Math.random().toString(36).substring(2,12),e.src+=\"#?secret=\"+t,e.setAttribute(\"data-secret\",t)),e.contentWindow.postMessage({message:\"ready\",secret:t},\"*\")},!1)))}(window,document);\n\/\/# sourceURL=https:\/\/www.draamateater.ee\/wp-includes\/js\/wp-embed.min.js\n\/* ]]> *\/\n<\/script>\n","description":"Tauno VahterPostimees, 6.03.2020 Briti kirjanikult ja n\u00e4itlejalt Stephen Frylt p\u00e4riti intervjuus Iiri televisioonile, mida ta sooviks k\u00fcsida jumalalt taeva v\u00e4ravas. Fry vastas \u00fcsna vihaselt, et ta k\u00fcsiks, miks peaks kummardama mingit \u00f5elat ja rumalat sadisti, kes on v\u00e4lja m\u00f5elnud laste luu\u00fcdiv\u00e4hi ja haiguse, mille k\u00e4igus parasiidid tungivad laste silmadesse ja teevad nad pimedaks. Katoliiklasest saatejuht [&hellip;]"}